{"id":44098,"date":"2019-03-29T16:39:30","date_gmt":"2019-03-29T15:39:30","guid":{"rendered":"https:\/\/www.metalfach.com.pl\/historia\/"},"modified":"2022-05-19T07:42:42","modified_gmt":"2022-05-19T05:42:42","slug":"historia","status":"publish","type":"page","link":"https:\/\/www.metalfach.com.pl\/es\/acerca-de-la-compania\/historia\/","title":{"rendered":"Historia"},"content":{"rendered":"\t\t<div data-elementor-type=\"wp-page\" data-elementor-id=\"44098\" class=\"elementor elementor-44098 elementor-1045\" data-elementor-settings=\"{&quot;element_pack_global_tooltip_width&quot;:{&quot;unit&quot;:&quot;px&quot;,&quot;size&quot;:&quot;&quot;,&quot;sizes&quot;:[]},&quot;element_pack_global_tooltip_width_tablet&quot;:{&quot;unit&quot;:&quot;px&quot;,&quot;size&quot;:&quot;&quot;,&quot;sizes&quot;:[]},&quot;element_pack_global_tooltip_width_mobile&quot;:{&quot;unit&quot;:&quot;px&quot;,&quot;size&quot;:&quot;&quot;,&quot;sizes&quot;:[]},&quot;element_pack_global_tooltip_padding&quot;:{&quot;unit&quot;:&quot;px&quot;,&quot;top&quot;:&quot;&quot;,&quot;right&quot;:&quot;&quot;,&quot;bottom&quot;:&quot;&quot;,&quot;left&quot;:&quot;&quot;,&quot;isLinked&quot;:true},&quot;element_pack_global_tooltip_padding_tablet&quot;:{&quot;unit&quot;:&quot;px&quot;,&quot;top&quot;:&quot;&quot;,&quot;right&quot;:&quot;&quot;,&quot;bottom&quot;:&quot;&quot;,&quot;left&quot;:&quot;&quot;,&quot;isLinked&quot;:true},&quot;element_pack_global_tooltip_padding_mobile&quot;:{&quot;unit&quot;:&quot;px&quot;,&quot;top&quot;:&quot;&quot;,&quot;right&quot;:&quot;&quot;,&quot;bottom&quot;:&quot;&quot;,&quot;left&quot;:&quot;&quot;,&quot;isLinked&quot;:true},&quot;element_pack_global_tooltip_border_radius&quot;:{&quot;unit&quot;:&quot;px&quot;,&quot;top&quot;:&quot;&quot;,&quot;right&quot;:&quot;&quot;,&quot;bottom&quot;:&quot;&quot;,&quot;left&quot;:&quot;&quot;,&quot;isLinked&quot;:true},&quot;element_pack_global_tooltip_border_radius_tablet&quot;:{&quot;unit&quot;:&quot;px&quot;,&quot;top&quot;:&quot;&quot;,&quot;right&quot;:&quot;&quot;,&quot;bottom&quot;:&quot;&quot;,&quot;left&quot;:&quot;&quot;,&quot;isLinked&quot;:true},&quot;element_pack_global_tooltip_border_radius_mobile&quot;:{&quot;unit&quot;:&quot;px&quot;,&quot;top&quot;:&quot;&quot;,&quot;right&quot;:&quot;&quot;,&quot;bottom&quot;:&quot;&quot;,&quot;left&quot;:&quot;&quot;,&quot;isLinked&quot;:true}}\" data-elementor-post-type=\"page\">\n\t\t\t\t\t\t<section class=\"elementor-section elementor-top-section elementor-element elementor-element-31bbf78a elementor-section-height-min-height elementor-section-stretched elementor-section-boxed elementor-section-height-default elementor-section-items-middle\" data-id=\"31bbf78a\" data-element_type=\"section\" data-e-type=\"section\" data-settings=\"{&quot;stretch_section&quot;:&quot;section-stretched&quot;,&quot;background_background&quot;:&quot;classic&quot;}\">\n\t\t\t\t\t\t\t<div class=\"elementor-background-overlay\"><\/div>\n\t\t\t\t\t\t\t<div class=\"elementor-container elementor-column-gap-default\">\n\t\t\t\t\t<div class=\"elementor-column elementor-col-50 elementor-top-column elementor-element elementor-element-3a2d4fbe\" data-id=\"3a2d4fbe\" data-element_type=\"column\" data-e-type=\"column\">\n\t\t\t<div class=\"elementor-widget-wrap elementor-element-populated\">\n\t\t\t\t\t\t<div class=\"elementor-element elementor-element-8db4cb9 elementor-widget-divider--view-line elementor-widget elementor-widget-divider\" data-id=\"8db4cb9\" data-element_type=\"widget\" data-e-type=\"widget\" data-widget_type=\"divider.default\">\n\t\t\t\t<div class=\"elementor-widget-container\">\n\t\t\t\t\t\t\t<div class=\"elementor-divider\">\n\t\t\t<span class=\"elementor-divider-separator\">\n\t\t\t\t\t\t<\/span>\n\t\t<\/div>\n\t\t\t\t\t\t<\/div>\n\t\t\t\t<\/div>\n\t\t\t\t\t<\/div>\n\t\t<\/div>\n\t\t\t\t<div class=\"elementor-column elementor-col-50 elementor-top-column elementor-element elementor-element-1ddfc6a3\" data-id=\"1ddfc6a3\" data-element_type=\"column\" data-e-type=\"column\">\n\t\t\t<div class=\"elementor-widget-wrap elementor-element-populated\">\n\t\t\t\t\t\t<div class=\"elementor-element elementor-element-4ff6b827 elementor-widget elementor-widget-text-editor\" data-id=\"4ff6b827\" data-element_type=\"widget\" data-e-type=\"widget\" data-widget_type=\"text-editor.default\">\n\t\t\t\t<div class=\"elementor-widget-container\">\n\t\t\t\t\t\t\t\t\t<p><strong>Descubra nuestra historia<\/strong><\/p><p><strong>\u00a0<\/strong><\/p>\t\t\t\t\t\t\t\t<\/div>\n\t\t\t\t<\/div>\n\t\t\t\t\t<\/div>\n\t\t<\/div>\n\t\t\t\t\t<\/div>\n\t\t<\/section>\n\t\t\t\t<section class=\"elementor-section elementor-top-section elementor-element elementor-element-74d42f66 elementor-section-content-middle breadcrumbs_seo elementor-section-boxed elementor-section-height-default elementor-section-height-default\" data-id=\"74d42f66\" data-element_type=\"section\" data-e-type=\"section\">\n\t\t\t\t\t\t<div class=\"elementor-container elementor-column-gap-extended\">\n\t\t\t\t\t<div class=\"elementor-column elementor-col-100 elementor-top-column elementor-element elementor-element-5cf82821\" data-id=\"5cf82821\" data-element_type=\"column\" data-e-type=\"column\">\n\t\t\t<div class=\"elementor-widget-wrap elementor-element-populated\">\n\t\t\t\t\t\t<div class=\"elementor-element elementor-element-5edbfe89 elementor-widget elementor-widget-text-editor\" data-id=\"5edbfe89\" data-element_type=\"widget\" data-e-type=\"widget\" data-widget_type=\"text-editor.default\">\n\t\t\t\t<div class=\"elementor-widget-container\">\n\t\t\t\t\t\t\t\t\t<span><span><a href=\"https:\/\/www.metalfach.com.pl\/es\/\">Casa<\/a><\/span><\/span>\t\t\t\t\t\t\t\t<\/div>\n\t\t\t\t<\/div>\n\t\t\t\t\t<\/div>\n\t\t<\/div>\n\t\t\t\t\t<\/div>\n\t\t<\/section>\n\t\t\t\t<section class=\"elementor-section elementor-top-section elementor-element elementor-element-4ce211a4 elementor-section-full_width elementor-section-height-default elementor-section-height-default\" data-id=\"4ce211a4\" data-element_type=\"section\" data-e-type=\"section\">\n\t\t\t\t\t\t<div class=\"elementor-container elementor-column-gap-default\">\n\t\t\t\t\t<div class=\"elementor-column elementor-col-100 elementor-top-column elementor-element elementor-element-4d157d16\" data-id=\"4d157d16\" data-element_type=\"column\" data-e-type=\"column\">\n\t\t\t<div class=\"elementor-widget-wrap elementor-element-populated\">\n\t\t\t\t\t\t<div class=\"elementor-element elementor-element-4a4f1333 elementor-widget elementor-widget-bdt-timeline\" data-id=\"4a4f1333\" data-element_type=\"widget\" data-e-type=\"widget\" data-widget_type=\"bdt-timeline.bdt-olivier\">\n\t\t\t\t<div class=\"elementor-widget-container\">\n\t\t\t\t\t\t\t<div class=\"bdt-timeline bdt-timeline-skin-olivier\" data-visible_items=\"3\">\n\t\t\t<div class=\"bdt-timeline-wrapper\">\n\t\t\t\t<div class=\"bdt-timeline-items\">\n\t\t\t\t\t\t\t\t\t\t\t<div class=\"bdt-timeline-item\">\n\t\t\t\t\t\t\t<div class=\"bdt-timeline-content\">\n\t\t\t\t\t\t\t\t\t\t<div class=\"bdt-timeline-item-main elementor-repeater-item-25b40f8\" >\n\t\t\t\t\t\t\t<span class=\"bdt-timeline-arrow\"><\/span>\n\t\t\t\t\t\t\t\t\t\t\t\t<div class=\"bdt-timeline-desc\">\n\t\t\t\t\t\t<h4 class=\"bdt-timeline-title\">\n\t\t\t\t\t\t\t<span>\n\t\t\t\t\tFundaci\u00f3n de la empresa\t\t\t\t<\/span>\n\t\t\t\t\t<\/h4>\n\t\t\t\t\t\t\t\t\t\t<ul class=\"bdt-timeline-meta bdt-subnav bdt-flex-middle\">\n\t\t\t\t\t<li>1989<\/li>\n\t\t\t\t<\/ul>\n\t\t\t\t\t\t\t\t\t\t\t<div class=\"bdt-timeline-excerpt\">\n\t\t\t\t<p>La planta fue fundada por Stanis\u0142aw Kucharewicz, padre del actual presidente y propietario de la empresa, Jacek Kucharewicz, que junto con su esposa Katarzyna dirige la empresa desde sus inicios.<\/p>\t\t\t<\/div>\n\t\t\t\t\t\t\t\t\t\t<\/div>\n\t\t<\/div>\n\t\t\t\t\t\t\t\t\t<\/div>\n\t\t\t\t\t\t<\/div>\n\t\t\t\t\t\t\t\t\t\t\t<div class=\"bdt-timeline-item\">\n\t\t\t\t\t\t\t<div class=\"bdt-timeline-content\">\n\t\t\t\t\t\t\t\t\t\t<div class=\"bdt-timeline-item-main elementor-repeater-item-70445ce\" >\n\t\t\t\t\t\t\t<span class=\"bdt-timeline-arrow\"><\/span>\n\t\t\t\t\t\t\t\t\t\t\t\t<div class=\"bdt-timeline-desc\">\n\t\t\t\t\t\t<h4 class=\"bdt-timeline-title bdt-timeline-title\">\n\t\t\t\t\t\t\t<span>\n\t\t\t\t\tInicio de las actividades\t\t\t\t<\/span>\n\t\t\t\t\t<\/h4>\n\t\t\t\t\t\t\t\t\t\t<ul class=\"bdt-timeline-meta bdt-subnav bdt-flex-middle\">\n\t\t\t\t\t<li>1989 - 1990<\/li>\n\t\t\t\t<\/ul>\n\t\t\t\t\t\t\t\t\t\t\t<div class=\"bdt-timeline-excerpt\">\n\t\t\t\t<p>Empezar y dirigir un negocio en aquella \u00e9poca era muy dif\u00edcil. Con el dinero de la venta de la moto MZ 250, Jacek Kucharewicz compr\u00f3 la primera m\u00e1quina de soldar \u00abBESTER\u00bb, equipo profesional en aquella \u00e9poca. El primer producto que se fabric\u00f3 en la planta fue una caldera de calefacci\u00f3n central. La caldera m\u00e1s antigua de aquella \u00e9poca sigue calentando hoy en d\u00eda.<\/p>\t\t\t<\/div>\n\t\t\t\t\t\t\t\t\t\t<\/div>\n\t\t<\/div>\n\t\t\t\t\t\t\t\t\t<\/div>\n\t\t\t\t\t\t<\/div>\n\t\t\t\t\t\t\t\t\t\t\t<div class=\"bdt-timeline-item\">\n\t\t\t\t\t\t\t<div class=\"bdt-timeline-content\">\n\t\t\t\t\t\t\t\t\t\t<div class=\"bdt-timeline-item-main elementor-repeater-item-86b7885\" >\n\t\t\t\t\t\t\t<span class=\"bdt-timeline-arrow\"><\/span>\n\t\t\t\t\t\t\t\t\t\t\t\t<div class=\"bdt-timeline-desc\">\n\t\t\t\t\t\t<h4 class=\"bdt-timeline-title bdt-timeline-title bdt-timeline-title\">\n\t\t\t\t\t\t\t<span>\n\t\t\t\t\tDesarrollo e inversi\u00f3n en maquinaria\t\t\t\t<\/span>\n\t\t\t\t\t<\/h4>\n\t\t\t\t\t\t\t\t\t\t<ul class=\"bdt-timeline-meta bdt-subnav bdt-flex-middle\">\n\t\t\t\t\t<li>1991 - 1993<\/li>\n\t\t\t\t<\/ul>\n\t\t\t\t\t\t\t\t\t\t\t<div class=\"bdt-timeline-excerpt\">\n\t\t\t\t<div class=\"desc\"><p>El dinero regalado en la boda de Jacek Kucharewicz y Katarzyna Szymczuk se utiliz\u00f3 para comprar una guillotina para cortar chapas. Desde entonces, los componentes necesarios para la fabricaci\u00f3n de calderas de calefacci\u00f3n central se fabrican en la empresa. Esto permiti\u00f3 acelerar la producci\u00f3n y comenzar la construcci\u00f3n de la nueva planta.<\/p><\/div>\t\t\t<\/div>\n\t\t\t\t\t\t\t\t\t\t<\/div>\n\t\t<\/div>\n\t\t\t\t\t\t\t\t\t<\/div>\n\t\t\t\t\t\t<\/div>\n\t\t\t\t\t\t\t\t\t\t\t<div class=\"bdt-timeline-item\">\n\t\t\t\t\t\t\t<div class=\"bdt-timeline-content\">\n\t\t\t\t\t\t\t\t\t\t<div class=\"bdt-timeline-item-main elementor-repeater-item-86d33e8\" >\n\t\t\t\t\t\t\t<span class=\"bdt-timeline-arrow\"><\/span>\n\t\t\t\t\t\t\t\t\t\t\t\t<div class=\"bdt-timeline-desc\">\n\t\t\t\t\t\t<h4 class=\"bdt-timeline-title bdt-timeline-title bdt-timeline-title bdt-timeline-title\">\n\t\t\t\t\t\t\t<span>\n\t\t\t\t\tOtras inversiones\t\t\t\t<\/span>\n\t\t\t\t\t<\/h4>\n\t\t\t\t\t\t\t\t\t\t<ul class=\"bdt-timeline-meta bdt-subnav bdt-flex-middle\">\n\t\t\t\t\t<li>1992 - 1993<\/li>\n\t\t\t\t<\/ul>\n\t\t\t\t\t\t\t\t\t\t\t<div class=\"bdt-timeline-excerpt\">\n\t\t\t\t<div class=\"desc\"><p>Un edificio comprado a un vecino se convirti\u00f3 en una sala de pintura.<\/p><\/div>\t\t\t<\/div>\n\t\t\t\t\t\t\t\t\t\t<\/div>\n\t\t<\/div>\n\t\t\t\t\t\t\t\t\t<\/div>\n\t\t\t\t\t\t<\/div>\n\t\t\t\t\t\t\t\t\t\t\t<div class=\"bdt-timeline-item\">\n\t\t\t\t\t\t\t<div class=\"bdt-timeline-content\">\n\t\t\t\t\t\t\t\t\t\t<div class=\"bdt-timeline-item-main elementor-repeater-item-70f58a2\" >\n\t\t\t\t\t\t\t<span class=\"bdt-timeline-arrow\"><\/span>\n\t\t\t\t\t\t\t\t\t\t\t\t<div class=\"bdt-timeline-desc\">\n\t\t\t\t\t\t<h4 class=\"bdt-timeline-title bdt-timeline-title bdt-timeline-title bdt-timeline-title bdt-timeline-title\">\n\t\t\t\t\t\t\t<span>\n\t\t\t\t\tNuevos productos\t\t\t\t<\/span>\n\t\t\t\t\t<\/h4>\n\t\t\t\t\t\t\t\t\t\t<ul class=\"bdt-timeline-meta bdt-subnav bdt-flex-middle\">\n\t\t\t\t\t<li>1998 - 2000<\/li>\n\t\t\t\t<\/ul>\n\t\t\t\t\t\t\t\t\t\t\t<div class=\"bdt-timeline-excerpt\">\n\t\t\t\t<div class=\"desc\"><p>Se lanza la primera m\u00e1quina agr\u00edcola, una henificadora rotativa. Fue el motor del desarrollo de la empresa. Otras m\u00e1quinas son una encintadora de balas y una empacadora.<\/p><\/div>\t\t\t<\/div>\n\t\t\t\t\t\t\t\t\t\t<\/div>\n\t\t<\/div>\n\t\t\t\t\t\t\t\t\t<\/div>\n\t\t\t\t\t\t<\/div>\n\t\t\t\t\t\t\t\t\t\t\t<div class=\"bdt-timeline-item\">\n\t\t\t\t\t\t\t<div class=\"bdt-timeline-content\">\n\t\t\t\t\t\t\t\t\t\t<div class=\"bdt-timeline-item-main elementor-repeater-item-ad202f7\" >\n\t\t\t\t\t\t\t<span class=\"bdt-timeline-arrow\"><\/span>\n\t\t\t\t\t\t\t\t\t\t\t\t<div class=\"bdt-timeline-desc\">\n\t\t\t\t\t\t<h4 class=\"bdt-timeline-title bdt-timeline-title bdt-timeline-title bdt-timeline-title bdt-timeline-title bdt-timeline-title\">\n\t\t\t\t\t\t\t<span>\n\t\t\t\t\tHan transcurrido 10 a\u00f1os\t\t\t\t<\/span>\n\t\t\t\t\t<\/h4>\n\t\t\t\t\t\t\t\t\t\t<ul class=\"bdt-timeline-meta bdt-subnav bdt-flex-middle\">\n\t\t\t\t\t<li>1999 - 2000<\/li>\n\t\t\t\t<\/ul>\n\t\t\t\t\t\t\t\t\t\t\t<div class=\"bdt-timeline-excerpt\">\n\t\t\t\t<p>De una peque\u00f1a planta, tras diez a\u00f1os de actividad, la empresa se convirti\u00f3 en una mediana empresa. Con 22 eempleados.<\/p>\t\t\t<\/div>\n\t\t\t\t\t\t\t\t\t\t<\/div>\n\t\t<\/div>\n\t\t\t\t\t\t\t\t\t<\/div>\n\t\t\t\t\t\t<\/div>\n\t\t\t\t\t\t\t\t\t\t\t<div class=\"bdt-timeline-item\">\n\t\t\t\t\t\t\t<div class=\"bdt-timeline-content\">\n\t\t\t\t\t\t\t\t\t\t<div class=\"bdt-timeline-item-main elementor-repeater-item-45bb971\" >\n\t\t\t\t\t\t\t<span class=\"bdt-timeline-arrow\"><\/span>\n\t\t\t\t\t\t\t\t\t\t\t\t<div class=\"bdt-timeline-desc\">\n\t\t\t\t\t\t<h4 class=\"bdt-timeline-title bdt-timeline-title bdt-timeline-title bdt-timeline-title bdt-timeline-title bdt-timeline-title bdt-timeline-title\">\n\t\t\t\t\t\t\t<span>\n\t\t\t\t\tPrimeros pasos en la promoci\u00f3n de la empresa\t\t\t\t<\/span>\n\t\t\t\t\t<\/h4>\n\t\t\t\t\t\t\t\t\t\t<ul class=\"bdt-timeline-meta bdt-subnav bdt-flex-middle\">\n\t\t\t\t\t<li>2002 - 2003<\/li>\n\t\t\t\t<\/ul>\n\t\t\t\t\t\t\t\t\t\t\t<div class=\"bdt-timeline-excerpt\">\n\t\t\t\t<div class=\"desc\"><p>La empresa en plena expansi\u00f3n. Las primeras ferias en las que se pudieron ver los productos de METAL-FACH fueron \u00abD\u00edas con Consultor\u00eda Agr\u00edcola ODR Szepietowo 2002\u00bb y \u00abAGRO SHOW-BEDNARY 2002\u00bb.<\/p><\/div>\t\t\t<\/div>\n\t\t\t\t\t\t\t\t\t\t<\/div>\n\t\t<\/div>\n\t\t\t\t\t\t\t\t\t<\/div>\n\t\t\t\t\t\t<\/div>\n\t\t\t\t\t\t\t\t\t\t\t<div class=\"bdt-timeline-item\">\n\t\t\t\t\t\t\t<div class=\"bdt-timeline-content\">\n\t\t\t\t\t\t\t\t\t\t<div class=\"bdt-timeline-item-main elementor-repeater-item-4be90f2\" >\n\t\t\t\t\t\t\t<span class=\"bdt-timeline-arrow\"><\/span>\n\t\t\t\t\t\t\t\t\t\t\t\t<div class=\"bdt-timeline-desc\">\n\t\t\t\t\t\t<h4 class=\"bdt-timeline-title bdt-timeline-title bdt-timeline-title bdt-timeline-title bdt-timeline-title bdt-timeline-title bdt-timeline-title bdt-timeline-title\">\n\t\t\t\t\t\t\t<span>\n\t\t\t\t\tAdquisici\u00f3n de la empresa \u00abFUM SPOMASZ\u00bb\t\t\t\t<\/span>\n\t\t\t\t\t<\/h4>\n\t\t\t\t\t\t\t\t\t\t<ul class=\"bdt-timeline-meta bdt-subnav bdt-flex-middle\">\n\t\t\t\t\t<li>2003<\/li>\n\t\t\t\t<\/ul>\n\t\t\t\t\t\t\t\t\t\t\t<div class=\"bdt-timeline-excerpt\">\n\t\t\t\t<div class=\"desc\"><p>Firma del acta notarial para la adquisici\u00f3n de FUM SPOMASZ el 03\/09\/2003. Estado del empleo: METAL-FACH Sp. z o.o.: 6 personas; METAL-FACH Jacek Kucharewicz: 73 personas.<\/p><\/div>\t\t\t<\/div>\n\t\t\t\t\t\t\t\t\t\t<\/div>\n\t\t<\/div>\n\t\t\t\t\t\t\t\t\t<\/div>\n\t\t\t\t\t\t<\/div>\n\t\t\t\t\t\t\t\t\t\t\t<div class=\"bdt-timeline-item\">\n\t\t\t\t\t\t\t<div class=\"bdt-timeline-content\">\n\t\t\t\t\t\t\t\t\t\t<div class=\"bdt-timeline-item-main elementor-repeater-item-7318620\" >\n\t\t\t\t\t\t\t<span class=\"bdt-timeline-arrow\"><\/span>\n\t\t\t\t\t\t\t\t\t\t\t\t<div class=\"bdt-timeline-desc\">\n\t\t\t\t\t\t<h4 class=\"bdt-timeline-title bdt-timeline-title bdt-timeline-title bdt-timeline-title bdt-timeline-title bdt-timeline-title bdt-timeline-title bdt-timeline-title bdt-timeline-title\">\n\t\t\t\t\t\t\t<span>\n\t\t\t\t\tPrestigio y publicidad\t\t\t\t<\/span>\n\t\t\t\t\t<\/h4>\n\t\t\t\t\t\t\t\t\t\t<ul class=\"bdt-timeline-meta bdt-subnav bdt-flex-middle\">\n\t\t\t\t\t<li>2003<\/li>\n\t\t\t\t<\/ul>\n\t\t\t\t\t\t\t\t\t\t\t<div class=\"bdt-timeline-excerpt\">\n\t\t\t\t<div class=\"desc\"><p>La intensa inicial promoci\u00f3n continu\u00f3 con la participaci\u00f3n en un n\u00famero creciente de ferias en las que se presentaron nuevas ideas de productos innovadores. La empresa recibi\u00f3 numerosos premios, entre ellos: - Primer puesto en la encuesta de Gazeta Wsp\u00f3\u0142czesna, \u00abDistinci\u00f3n por la mayor din\u00e1mica de crecimiento del empleo\u00bb en el concurso de EMBAJADOR DE NEGOCIOS, \u00abCampe\u00f3n de AGROLIGA de Podlasie 2003\u00bb. Estado del empleo: METAL-FACH Sp. z o.o.: 64 personas, METAL-FACH Jacek Kucharewicz: 75 personas.<\/p><\/div>\t\t\t<\/div>\n\t\t\t\t\t\t\t\t\t\t<\/div>\n\t\t<\/div>\n\t\t\t\t\t\t\t\t\t<\/div>\n\t\t\t\t\t\t<\/div>\n\t\t\t\t\t\t\t\t\t\t\t<div class=\"bdt-timeline-item\">\n\t\t\t\t\t\t\t<div class=\"bdt-timeline-content\">\n\t\t\t\t\t\t\t\t\t\t<div class=\"bdt-timeline-item-main elementor-repeater-item-a50e5b8\" >\n\t\t\t\t\t\t\t<span class=\"bdt-timeline-arrow\"><\/span>\n\t\t\t\t\t\t\t\t\t\t\t\t<div class=\"bdt-timeline-desc\">\n\t\t\t\t\t\t<h4 class=\"bdt-timeline-title bdt-timeline-title bdt-timeline-title bdt-timeline-title bdt-timeline-title bdt-timeline-title bdt-timeline-title bdt-timeline-title bdt-timeline-title bdt-timeline-title\">\n\t\t\t\t\t\t\t<span>\n\t\t\t\t\tUni\u00f3n Europea \u00abLas m\u00e1quinas modernas son la medida del \u00e9xito\u00bb\t\t\t\t<\/span>\n\t\t\t\t\t<\/h4>\n\t\t\t\t\t\t\t\t\t\t<ul class=\"bdt-timeline-meta bdt-subnav bdt-flex-middle\">\n\t\t\t\t\t<li>2004<\/li>\n\t\t\t\t<\/ul>\n\t\t\t\t\t\t\t\t\t\t\t<div class=\"bdt-timeline-excerpt\">\n\t\t\t\t<div class=\"desc\"><p>Se obtuvieron subvenciones de la Uni\u00f3n Europea para adquirir un l\u00e1ser profesional y la mayor c\u00e1mara de granallado autom\u00e1tica del noreste de Polonia.<\/p><\/div>\t\t\t<\/div>\n\t\t\t\t\t\t\t\t\t\t<\/div>\n\t\t<\/div>\n\t\t\t\t\t\t\t\t\t<\/div>\n\t\t\t\t\t\t<\/div>\n\t\t\t\t\t\t\t\t\t\t\t<div class=\"bdt-timeline-item\">\n\t\t\t\t\t\t\t<div class=\"bdt-timeline-content\">\n\t\t\t\t\t\t\t\t\t\t<div class=\"bdt-timeline-item-main elementor-repeater-item-b500443\" >\n\t\t\t\t\t\t\t<span class=\"bdt-timeline-arrow\"><\/span>\n\t\t\t\t\t\t\t\t\t\t\t\t<div class=\"bdt-timeline-desc\">\n\t\t\t\t\t\t<h4 class=\"bdt-timeline-title bdt-timeline-title bdt-timeline-title bdt-timeline-title bdt-timeline-title bdt-timeline-title bdt-timeline-title bdt-timeline-title bdt-timeline-title bdt-timeline-title bdt-timeline-title\">\n\t\t\t\t\t\t\t<span>\n\t\t\t\t\tIntegraci\u00f3n del equipo\t\t\t\t<\/span>\n\t\t\t\t\t<\/h4>\n\t\t\t\t\t\t\t\t\t\t<ul class=\"bdt-timeline-meta bdt-subnav bdt-flex-middle\">\n\t\t\t\t\t<li>2004<\/li>\n\t\t\t\t<\/ul>\n\t\t\t\t\t\t\t\t\t\t\t<div class=\"bdt-timeline-excerpt\">\n\t\t\t\t<div class=\"desc\"><p>El crecimiento de la producci\u00f3n, as\u00ed como el aumento de las ventas y el n\u00famero de empleados dio lugar a la primera reuni\u00f3n de creaci\u00f3n de equipos entre METAL-FACH y sus distribuidores.<\/p><\/div>\t\t\t<\/div>\n\t\t\t\t\t\t\t\t\t\t<\/div>\n\t\t<\/div>\n\t\t\t\t\t\t\t\t\t<\/div>\n\t\t\t\t\t\t<\/div>\n\t\t\t\t\t\t\t\t\t\t\t<div class=\"bdt-timeline-item\">\n\t\t\t\t\t\t\t<div class=\"bdt-timeline-content\">\n\t\t\t\t\t\t\t\t\t\t<div class=\"bdt-timeline-item-main elementor-repeater-item-0df83b8\" >\n\t\t\t\t\t\t\t<span class=\"bdt-timeline-arrow\"><\/span>\n\t\t\t\t\t\t\t\t\t\t\t\t<div class=\"bdt-timeline-desc\">\n\t\t\t\t\t\t<h4 class=\"bdt-timeline-title bdt-timeline-title bdt-timeline-title bdt-timeline-title bdt-timeline-title bdt-timeline-title bdt-timeline-title bdt-timeline-title bdt-timeline-title bdt-timeline-title bdt-timeline-title bdt-timeline-title\">\n\t\t\t\t\t\t\t<span>\n\t\t\t\t\t\u00bfCu\u00e1l es la receta para el \u00e9xito?\t\t\t\t<\/span>\n\t\t\t\t\t<\/h4>\n\t\t\t\t\t\t\t\t\t\t<ul class=\"bdt-timeline-meta bdt-subnav bdt-flex-middle\">\n\t\t\t\t\t<li>2004 - 2005<\/li>\n\t\t\t\t<\/ul>\n\t\t\t\t\t\t\t\t\t\t\t<div class=\"bdt-timeline-excerpt\">\n\t\t\t\t<div class=\"desc\"><p>Seg\u00fan Jacek Kucharewicz, la receta del \u00e9xito en los negocios es el trabajo bien hecho, un buen equipo y la pasi\u00f3n. Solo un a\u00f1o despu\u00e9s de haber sido galardonada con el premio \u00abLa mayor din\u00e1mica de crecimiento del empleo\u00bb en el concurso de EMBAJADOR DE NEGOCIOS, METAL-FACH Sp. z o.o. obtuvo el primer puesto en este concurso, logrando as\u00ed el prestigioso t\u00edtulo de \u00abEMBAJADOR DE NEGOCIOS - PODLASIE 2004\u00bb. Estado del empleo: METAL-FACH Sp. z o.o.: 218 personas, METAL-FACH Jacek Kucharewicz: 51 personas.<\/p><\/div>\t\t\t<\/div>\n\t\t\t\t\t\t\t\t\t\t<\/div>\n\t\t<\/div>\n\t\t\t\t\t\t\t\t\t<\/div>\n\t\t\t\t\t\t<\/div>\n\t\t\t\t\t\t\t\t\t\t\t<div class=\"bdt-timeline-item\">\n\t\t\t\t\t\t\t<div class=\"bdt-timeline-content\">\n\t\t\t\t\t\t\t\t\t\t<div class=\"bdt-timeline-item-main elementor-repeater-item-e4c445e\" >\n\t\t\t\t\t\t\t<span class=\"bdt-timeline-arrow\"><\/span>\n\t\t\t\t\t\t\t\t\t\t\t\t<div class=\"bdt-timeline-desc\">\n\t\t\t\t\t\t<h4 class=\"bdt-timeline-title bdt-timeline-title bdt-timeline-title bdt-timeline-title bdt-timeline-title bdt-timeline-title bdt-timeline-title bdt-timeline-title bdt-timeline-title bdt-timeline-title bdt-timeline-title bdt-timeline-title bdt-timeline-title\">\n\t\t\t\t\t\t\t<span>\n\t\t\t\t\tSea un experto\t\t\t\t<\/span>\n\t\t\t\t\t<\/h4>\n\t\t\t\t\t\t\t\t\t\t<ul class=\"bdt-timeline-meta bdt-subnav bdt-flex-middle\">\n\t\t\t\t\t<li>2006<\/li>\n\t\t\t\t<\/ul>\n\t\t\t\t\t\t\t\t\t\t\t<div class=\"bdt-timeline-excerpt\">\n\t\t\t\t<div class=\"desc\"><p>METAL-FACH Sp. z o.o. recibi\u00f3 el premio de \u00abGACELA DE NEGOCIO de 2006\u00bb galard\u00f3n otorgado a las empresas de desarrollo m\u00e1s din\u00e1mico. Adem\u00e1s de los t\u00edtulos conseguidos, la empresa expone cada vez con m\u00e1s frecuencia en ferias polacas y extranjeras.<\/p><\/div>\t\t\t<\/div>\n\t\t\t\t\t\t\t\t\t\t<\/div>\n\t\t<\/div>\n\t\t\t\t\t\t\t\t\t<\/div>\n\t\t\t\t\t\t<\/div>\n\t\t\t\t\t\t\t\t\t\t\t<div class=\"bdt-timeline-item\">\n\t\t\t\t\t\t\t<div class=\"bdt-timeline-content\">\n\t\t\t\t\t\t\t\t\t\t<div class=\"bdt-timeline-item-main elementor-repeater-item-16f3738\" >\n\t\t\t\t\t\t\t<span class=\"bdt-timeline-arrow\"><\/span>\n\t\t\t\t\t\t\t\t\t\t\t\t<div class=\"bdt-timeline-desc\">\n\t\t\t\t\t\t<h4 class=\"bdt-timeline-title bdt-timeline-title bdt-timeline-title bdt-timeline-title bdt-timeline-title bdt-timeline-title bdt-timeline-title bdt-timeline-title bdt-timeline-title bdt-timeline-title bdt-timeline-title bdt-timeline-title bdt-timeline-title bdt-timeline-title\">\n\t\t\t\t\t\t\t<span>\n\t\t\t\t\tNo tenemos espacio suficiente, necesitamos m\u00e1s superficie productiva\t\t\t\t<\/span>\n\t\t\t\t\t<\/h4>\n\t\t\t\t\t\t\t\t\t\t<ul class=\"bdt-timeline-meta bdt-subnav bdt-flex-middle\">\n\t\t\t\t\t<li>2006<\/li>\n\t\t\t\t<\/ul>\n\t\t\t\t\t\t\t\t\t\t\t<div class=\"bdt-timeline-excerpt\">\n\t\t\t\t<div class=\"desc\"><p>En 2006 METAL-FACH Sp. z o.o. se desarrolla construyendo nuevas naves de producci\u00f3n.<\/p><\/div>\t\t\t<\/div>\n\t\t\t\t\t\t\t\t\t\t<\/div>\n\t\t<\/div>\n\t\t\t\t\t\t\t\t\t<\/div>\n\t\t\t\t\t\t<\/div>\n\t\t\t\t\t\t\t\t\t\t\t<div class=\"bdt-timeline-item\">\n\t\t\t\t\t\t\t<div class=\"bdt-timeline-content\">\n\t\t\t\t\t\t\t\t\t\t<div class=\"bdt-timeline-item-main elementor-repeater-item-20bf8e3\" >\n\t\t\t\t\t\t\t<span class=\"bdt-timeline-arrow\"><\/span>\n\t\t\t\t\t\t\t\t\t\t\t\t<div class=\"bdt-timeline-desc\">\n\t\t\t\t\t\t<h4 class=\"bdt-timeline-title bdt-timeline-title bdt-timeline-title bdt-timeline-title bdt-timeline-title bdt-timeline-title bdt-timeline-title bdt-timeline-title bdt-timeline-title bdt-timeline-title bdt-timeline-title bdt-timeline-title bdt-timeline-title bdt-timeline-title bdt-timeline-title\">\n\t\t\t\t\t\t\t<span>\n\t\t\t\t\tSal\u00f3n de banquetes de MF\t\t\t\t<\/span>\n\t\t\t\t\t<\/h4>\n\t\t\t\t\t\t\t\t\t\t<ul class=\"bdt-timeline-meta bdt-subnav bdt-flex-middle\">\n\t\t\t\t\t<li>2006<\/li>\n\t\t\t\t<\/ul>\n\t\t\t\t\t\t\t\t\t\t\t<div class=\"bdt-timeline-excerpt\">\n\t\t\t\t<div class=\"desc\"><p>Construcci\u00f3n de un moderno sal\u00f3n de banquetes. Totalmente climatizado, el local puede reservarse para cualquier tipo de evento.<\/p><\/div>\t\t\t<\/div>\n\t\t\t\t\t\t\t\t\t\t<\/div>\n\t\t<\/div>\n\t\t\t\t\t\t\t\t\t<\/div>\n\t\t\t\t\t\t<\/div>\n\t\t\t\t\t\t\t\t\t\t\t<div class=\"bdt-timeline-item\">\n\t\t\t\t\t\t\t<div class=\"bdt-timeline-content\">\n\t\t\t\t\t\t\t\t\t\t<div class=\"bdt-timeline-item-main elementor-repeater-item-c380568\" >\n\t\t\t\t\t\t\t<span class=\"bdt-timeline-arrow\"><\/span>\n\t\t\t\t\t\t\t\t\t\t\t\t<div class=\"bdt-timeline-desc\">\n\t\t\t\t\t\t<h4 class=\"bdt-timeline-title bdt-timeline-title bdt-timeline-title bdt-timeline-title bdt-timeline-title bdt-timeline-title bdt-timeline-title bdt-timeline-title bdt-timeline-title bdt-timeline-title bdt-timeline-title bdt-timeline-title bdt-timeline-title bdt-timeline-title bdt-timeline-title bdt-timeline-title\">\n\t\t\t\t\t\t\t<span>\n\t\t\t\t\tAdquisiciones\t\t\t\t<\/span>\n\t\t\t\t\t<\/h4>\n\t\t\t\t\t\t\t\t\t\t<ul class=\"bdt-timeline-meta bdt-subnav bdt-flex-middle\">\n\t\t\t\t\t<li>2007<\/li>\n\t\t\t\t<\/ul>\n\t\t\t\t\t\t\t\t\t\t\t<div class=\"bdt-timeline-excerpt\">\n\t\t\t\t<div class=\"desc\"><p>La empresa METAL-FACH Sp. z o.o., que est\u00e1 creciendo din\u00e1micamente, adquiere una segunda empresa, \u00abKONIMPEX\u00bb, y m\u00e1s concretamente sus edificios, que incluyen naves de producci\u00f3n y un edificio de oficinas.<\/p><\/div>\t\t\t<\/div>\n\t\t\t\t\t\t\t\t\t\t<\/div>\n\t\t<\/div>\n\t\t\t\t\t\t\t\t\t<\/div>\n\t\t\t\t\t\t<\/div>\n\t\t\t\t\t\t\t\t\t\t\t<div class=\"bdt-timeline-item\">\n\t\t\t\t\t\t\t<div class=\"bdt-timeline-content\">\n\t\t\t\t\t\t\t\t\t\t<div class=\"bdt-timeline-item-main elementor-repeater-item-7fb52a0\" >\n\t\t\t\t\t\t\t<span class=\"bdt-timeline-arrow\"><\/span>\n\t\t\t\t\t\t\t\t\t\t\t\t<div class=\"bdt-timeline-desc\">\n\t\t\t\t\t\t<h4 class=\"bdt-timeline-title bdt-timeline-title bdt-timeline-title bdt-timeline-title bdt-timeline-title bdt-timeline-title bdt-timeline-title bdt-timeline-title bdt-timeline-title bdt-timeline-title bdt-timeline-title bdt-timeline-title bdt-timeline-title bdt-timeline-title bdt-timeline-title bdt-timeline-title bdt-timeline-title\">\n\t\t\t\t\t\t\t<span>\n\t\t\t\t\tProyecto de sala de pintura\t\t\t\t<\/span>\n\t\t\t\t\t<\/h4>\n\t\t\t\t\t\t\t\t\t\t<ul class=\"bdt-timeline-meta bdt-subnav bdt-flex-middle\">\n\t\t\t\t\t<li>2008<\/li>\n\t\t\t\t<\/ul>\n\t\t\t\t\t\t\t\t\t\t\t<div class=\"bdt-timeline-excerpt\">\n\t\t\t\t<div class=\"desc\"><p>La construcci\u00f3n de una moderna sala de pintura mejor\u00f3 la calidad y la est\u00e9tica de las m\u00e1quinas producidas. Estado del empleo: METAL-FACH Sp. z o.o.: 378 personas, METAL-FACH Jacek Kucharewicz: 73 personas.<\/p><\/div>\t\t\t<\/div>\n\t\t\t\t\t\t\t\t\t\t<\/div>\n\t\t<\/div>\n\t\t\t\t\t\t\t\t\t<\/div>\n\t\t\t\t\t\t<\/div>\n\t\t\t\t\t\t\t\t\t\t\t<div class=\"bdt-timeline-item\">\n\t\t\t\t\t\t\t<div class=\"bdt-timeline-content\">\n\t\t\t\t\t\t\t\t\t\t<div class=\"bdt-timeline-item-main elementor-repeater-item-7ce3576\" >\n\t\t\t\t\t\t\t<span class=\"bdt-timeline-arrow\"><\/span>\n\t\t\t\t\t\t\t\t\t\t\t\t<div class=\"bdt-timeline-desc\">\n\t\t\t\t\t\t<h4 class=\"bdt-timeline-title bdt-timeline-title bdt-timeline-title bdt-timeline-title bdt-timeline-title bdt-timeline-title bdt-timeline-title bdt-timeline-title bdt-timeline-title bdt-timeline-title bdt-timeline-title bdt-timeline-title bdt-timeline-title bdt-timeline-title bdt-timeline-title bdt-timeline-title bdt-timeline-title bdt-timeline-title\">\n\t\t\t\t\t\t\t<span>\n\t\t\t\t\tCalderas de calefacci\u00f3n central: nos volvemos cada vez m\u00e1s fuertes\t\t\t\t<\/span>\n\t\t\t\t\t<\/h4>\n\t\t\t\t\t\t\t\t\t\t<ul class=\"bdt-timeline-meta bdt-subnav bdt-flex-middle\">\n\t\t\t\t\t<li>2008 - 2010<\/li>\n\t\t\t\t<\/ul>\n\t\t\t\t\t\t\t\t\t\t\t<div class=\"bdt-timeline-excerpt\">\n\t\t\t\t<div class=\"desc\"><p>La empresa METAL-FACH Jacek Kucharewicz aumenta la producci\u00f3n de calderas de calefacci\u00f3n central y adquiere nuevos clientes. Ampl\u00eda las naves de producci\u00f3n y el almac\u00e9n de productos acabados.<\/p><\/div>\t\t\t<\/div>\n\t\t\t\t\t\t\t\t\t\t<\/div>\n\t\t<\/div>\n\t\t\t\t\t\t\t\t\t<\/div>\n\t\t\t\t\t\t<\/div>\n\t\t\t\t\t\t\t\t\t\t\t<div class=\"bdt-timeline-item\">\n\t\t\t\t\t\t\t<div class=\"bdt-timeline-content\">\n\t\t\t\t\t\t\t\t\t\t<div class=\"bdt-timeline-item-main elementor-repeater-item-fc0a404\" >\n\t\t\t\t\t\t\t<span class=\"bdt-timeline-arrow\"><\/span>\n\t\t\t\t\t\t\t\t\t\t\t\t<div class=\"bdt-timeline-desc\">\n\t\t\t\t\t\t<h4 class=\"bdt-timeline-title bdt-timeline-title bdt-timeline-title bdt-timeline-title bdt-timeline-title bdt-timeline-title bdt-timeline-title bdt-timeline-title bdt-timeline-title bdt-timeline-title bdt-timeline-title bdt-timeline-title bdt-timeline-title bdt-timeline-title bdt-timeline-title bdt-timeline-title bdt-timeline-title bdt-timeline-title bdt-timeline-title\">\n\t\t\t\t\t\t\t<span>\n\t\t\t\t\tHan transcurrido ya 20 a\u00f1os...\t\t\t\t<\/span>\n\t\t\t\t\t<\/h4>\n\t\t\t\t\t\t\t\t\t\t<ul class=\"bdt-timeline-meta bdt-subnav bdt-flex-middle\">\n\t\t\t\t\t<li>2009<\/li>\n\t\t\t\t<\/ul>\n\t\t\t\t\t\t\t\t\t\t\t<div class=\"bdt-timeline-excerpt\">\n\t\t\t\t<div class=\"desc\"><p>El 20.\u00ba aniversario de Metal-Fach se celebr\u00f3 en un sal\u00f3n de banquetes al que asistieron distribuidores y autoridades de la ciudad. Fue un momento de recuerdos, felicitaciones y agradecimientos.<\/p><\/div>\t\t\t<\/div>\n\t\t\t\t\t\t\t\t\t\t<\/div>\n\t\t<\/div>\n\t\t\t\t\t\t\t\t\t<\/div>\n\t\t\t\t\t\t<\/div>\n\t\t\t\t\t\t\t\t\t\t\t<div class=\"bdt-timeline-item\">\n\t\t\t\t\t\t\t<div class=\"bdt-timeline-content\">\n\t\t\t\t\t\t\t\t\t\t<div class=\"bdt-timeline-item-main elementor-repeater-item-cf88cf4\" >\n\t\t\t\t\t\t\t<span class=\"bdt-timeline-arrow\"><\/span>\n\t\t\t\t\t\t\t\t\t\t\t\t<div class=\"bdt-timeline-desc\">\n\t\t\t\t\t\t<h4 class=\"bdt-timeline-title bdt-timeline-title bdt-timeline-title bdt-timeline-title bdt-timeline-title bdt-timeline-title bdt-timeline-title bdt-timeline-title bdt-timeline-title bdt-timeline-title bdt-timeline-title bdt-timeline-title bdt-timeline-title bdt-timeline-title bdt-timeline-title bdt-timeline-title bdt-timeline-title bdt-timeline-title bdt-timeline-title bdt-timeline-title\">\n\t\t\t\t\t\t\t<span>\n\t\t\t\t\tConquista de nuevos mercados\t\t\t\t<\/span>\n\t\t\t\t\t<\/h4>\n\t\t\t\t\t\t\t\t\t\t<ul class=\"bdt-timeline-meta bdt-subnav bdt-flex-middle\">\n\t\t\t\t\t<li>2009 - 2011<\/li>\n\t\t\t\t<\/ul>\n\t\t\t\t\t\t\t\t\t\t\t<div class=\"bdt-timeline-excerpt\">\n\t\t\t\t<div class=\"desc\"><p>En 2011, en la \u00ab18.\u00aa Feria Internacional de la Industria de la Construcci\u00f3n de Carreteras AUTOSTRADA POLSKA\u00bb, que tuvo lugar en Kielce, METAL-FACH Sp. z o.o. present\u00f3 una nueva l\u00ednea de productos de semirremolques bajo la marca NOVA.<\/p><\/div>\t\t\t<\/div>\n\t\t\t\t\t\t\t\t\t\t<\/div>\n\t\t<\/div>\n\t\t\t\t\t\t\t\t\t<\/div>\n\t\t\t\t\t\t<\/div>\n\t\t\t\t\t\t\t\t\t\t\t<div class=\"bdt-timeline-item\">\n\t\t\t\t\t\t\t<div class=\"bdt-timeline-content\">\n\t\t\t\t\t\t\t\t\t\t<div class=\"bdt-timeline-item-main elementor-repeater-item-322f883\" >\n\t\t\t\t\t\t\t<span class=\"bdt-timeline-arrow\"><\/span>\n\t\t\t\t\t\t\t\t\t\t\t\t<div class=\"bdt-timeline-desc\">\n\t\t\t\t\t\t<h4 class=\"bdt-timeline-title bdt-timeline-title bdt-timeline-title bdt-timeline-title bdt-timeline-title bdt-timeline-title bdt-timeline-title bdt-timeline-title bdt-timeline-title bdt-timeline-title bdt-timeline-title bdt-timeline-title bdt-timeline-title bdt-timeline-title bdt-timeline-title bdt-timeline-title bdt-timeline-title bdt-timeline-title bdt-timeline-title bdt-timeline-title bdt-timeline-title\">\n\t\t\t\t\t\t\t<span>\n\t\t\t\t\tNueva l\u00ednea\t\t\t\t<\/span>\n\t\t\t\t\t<\/h4>\n\t\t\t\t\t\t\t\t\t\t<ul class=\"bdt-timeline-meta bdt-subnav bdt-flex-middle\">\n\t\t\t\t\t<li>2013<\/li>\n\t\t\t\t<\/ul>\n\t\t\t\t\t\t\t\t\t\t\t<div class=\"bdt-timeline-excerpt\">\n\t\t\t\t<div class=\"desc\"><p>La producci\u00f3n de llantas es el \u00faltimo proyecto de METAL-FACH Jacek Kucharewicz. Estado del empleo: 718 personas en total. Realizaci\u00f3n de un proyecto de remolque de 18 toneladas.<\/p><\/div>\t\t\t<\/div>\n\t\t\t\t\t\t\t\t\t\t<\/div>\n\t\t<\/div>\n\t\t\t\t\t\t\t\t\t<\/div>\n\t\t\t\t\t\t<\/div>\n\t\t\t\t\t\t\t\t\t\t\t<div class=\"bdt-timeline-item\">\n\t\t\t\t\t\t\t<div class=\"bdt-timeline-content\">\n\t\t\t\t\t\t\t\t\t\t<div class=\"bdt-timeline-item-main elementor-repeater-item-77009e0\" >\n\t\t\t\t\t\t\t<span class=\"bdt-timeline-arrow\"><\/span>\n\t\t\t\t\t\t\t\t\t\t\t\t<div class=\"bdt-timeline-desc\">\n\t\t\t\t\t\t<h4 class=\"bdt-timeline-title bdt-timeline-title bdt-timeline-title bdt-timeline-title bdt-timeline-title bdt-timeline-title bdt-timeline-title bdt-timeline-title bdt-timeline-title bdt-timeline-title bdt-timeline-title bdt-timeline-title bdt-timeline-title bdt-timeline-title bdt-timeline-title bdt-timeline-title bdt-timeline-title bdt-timeline-title bdt-timeline-title bdt-timeline-title bdt-timeline-title bdt-timeline-title\">\n\t\t\t\t\t\t\t<span>\n\t\t\t\t\tPatrocinadores\t\t\t\t<\/span>\n\t\t\t\t\t<\/h4>\n\t\t\t\t\t\t\t\t\t\t<ul class=\"bdt-timeline-meta bdt-subnav bdt-flex-middle\">\n\t\t\t\t\t<li>2005 - 2014<\/li>\n\t\t\t\t<\/ul>\n\t\t\t\t\t\t\t\t\t\t\t<div class=\"bdt-timeline-excerpt\">\n\t\t\t\t<div class=\"desc\"><p>La empresa METAL-FACH apoya a la comunidad y a muchas disciplinas deportivas: rallies de coches, f\u00fatbol, billar, motocross, yeguada BIK en Gieniusze, equipo de voleibol AZS Bia\u0142ystok, ciclismo, bicicleta.<\/p><\/div>\t\t\t<\/div>\n\t\t\t\t\t\t\t\t\t\t<\/div>\n\t\t<\/div>\n\t\t\t\t\t\t\t\t\t<\/div>\n\t\t\t\t\t\t<\/div>\n\t\t\t\t\t\t\t\t\t\t\t<div class=\"bdt-timeline-item\">\n\t\t\t\t\t\t\t<div class=\"bdt-timeline-content\">\n\t\t\t\t\t\t\t\t\t\t<div class=\"bdt-timeline-item-main elementor-repeater-item-3e6e658\" >\n\t\t\t\t\t\t\t<span class=\"bdt-timeline-arrow\"><\/span>\n\t\t\t\t\t\t\t\t\t\t\t\t<div class=\"bdt-timeline-desc\">\n\t\t\t\t\t\t<h4 class=\"bdt-timeline-title bdt-timeline-title bdt-timeline-title bdt-timeline-title bdt-timeline-title bdt-timeline-title bdt-timeline-title bdt-timeline-title bdt-timeline-title bdt-timeline-title bdt-timeline-title bdt-timeline-title bdt-timeline-title bdt-timeline-title bdt-timeline-title bdt-timeline-title bdt-timeline-title bdt-timeline-title bdt-timeline-title bdt-timeline-title bdt-timeline-title bdt-timeline-title bdt-timeline-title\">\n\t\t\t\t\t\t\t<span>\n\t\t\t\t\t30 a\u00f1os \t\t\t\t<\/span>\n\t\t\t\t\t<\/h4>\n\t\t\t\t\t\t\t\t\t\t<ul class=\"bdt-timeline-meta bdt-subnav bdt-flex-middle\">\n\t\t\t\t\t<li>2019<\/li>\n\t\t\t\t<\/ul>\n\t\t\t\t\t\t\t\t\t\t\t<div class=\"bdt-timeline-excerpt\">\n\t\t\t\t<div class=\"desc\"><p>METAL-FACH celebra su 30.\u00ba aniversario.<\/p><\/div>\t\t\t<\/div>\n\t\t\t\t\t\t\t\t\t\t<\/div>\n\t\t<\/div>\n\t\t\t\t\t\t\t\t\t<\/div>\n\t\t\t\t\t\t<\/div>\n\t\t\t\t\t\t\t\t\t<\/div>\n\t\t\t<\/div>\n\t\t<\/div>\n\t\t\t\t\t\t<\/div>\n\t\t\t\t<\/div>\n\t\t\t\t\t<\/div>\n\t\t<\/div>\n\t\t\t\t\t<\/div>\n\t\t<\/section>\n\t\t\t\t<\/div>\n\t\t","protected":false},"excerpt":{"rendered":"<p>Descubra nuestra historia \u00a0 Fundaci\u00f3n de la empresa 1989 La planta fue fundada por Stanis\u0142aw Kucharewicz, padre del actual presidente y propietario de la empresa, Jacek Kucharewicz, que junto con su esposa Katarzyna dirige la empresa desde sus inicios. Inicio de las actividades 1989 &#8211; 1990 Empezar y dirigir un negocio en aquella \u00e9poca era [&hellip;]<\/p>\n","protected":false},"author":2,"featured_media":0,"parent":53912,"menu_order":1,"comment_status":"closed","ping_status":"closed","template":"","meta":{"_acf_changed":false,"footnotes":""},"class_list":["post-44098","page","type-page","status-publish","hentry"],"acf":[],"yoast_head":"<!-- This site is optimized with the Yoast SEO plugin v27.4 - https:\/\/yoast.com\/product\/yoast-seo-wordpress\/ -->\n<title>Historia - Metal-Fach<\/title>\n<meta name=\"robots\" content=\"index, follow, max-snippet:-1, max-image-preview:large, max-video-preview:-1\" \/>\n<link rel=\"canonical\" href=\"https:\/\/www.metalfach.com.pl\/es\/acerca-de-la-compania\/historia\/\" \/>\n<meta property=\"og:locale\" content=\"es_ES\" \/>\n<meta property=\"og:type\" content=\"article\" \/>\n<meta property=\"og:title\" content=\"Historia - Metal-Fach\" \/>\n<meta property=\"og:description\" content=\"Descubra nuestra historia \u00a0 Fundaci\u00f3n de la empresa 1989 La planta fue fundada por Stanis\u0142aw Kucharewicz, padre del actual presidente y propietario de la empresa, Jacek Kucharewicz, que junto con su esposa Katarzyna dirige la empresa desde sus inicios. Inicio de las actividades 1989 &#8211; 1990 Empezar y dirigir un negocio en aquella \u00e9poca era [&hellip;]\" \/>\n<meta property=\"og:url\" content=\"https:\/\/www.metalfach.com.pl\/es\/acerca-de-la-compania\/historia\/\" \/>\n<meta property=\"og:site_name\" content=\"Metal-Fach\" \/>\n<meta property=\"article:publisher\" content=\"http:\/\/www.facebook.pl\/MetalFachOfficial\" \/>\n<meta property=\"article:modified_time\" content=\"2022-05-19T05:42:42+00:00\" \/>\n<meta name=\"twitter:card\" content=\"summary_large_image\" \/>\n<meta name=\"twitter:label1\" content=\"Tiempo de lectura\" \/>\n\t<meta name=\"twitter:data1\" content=\"5 minutos\" \/>\n<script type=\"application\/ld+json\" class=\"yoast-schema-graph\">{\"@context\":\"https:\\\/\\\/schema.org\",\"@graph\":[{\"@type\":\"WebPage\",\"@id\":\"https:\\\/\\\/www.metalfach.com.pl\\\/es\\\/acerca-de-la-compania\\\/historia\\\/\",\"url\":\"https:\\\/\\\/www.metalfach.com.pl\\\/es\\\/acerca-de-la-compania\\\/historia\\\/\",\"name\":\"Historia - Metal-Fach\",\"isPartOf\":{\"@id\":\"https:\\\/\\\/www.metalfach.com.pl\\\/es\\\/#website\"},\"datePublished\":\"2019-03-29T15:39:30+00:00\",\"dateModified\":\"2022-05-19T05:42:42+00:00\",\"breadcrumb\":{\"@id\":\"https:\\\/\\\/www.metalfach.com.pl\\\/es\\\/acerca-de-la-compania\\\/historia\\\/#breadcrumb\"},\"inLanguage\":\"es\",\"potentialAction\":[{\"@type\":\"ReadAction\",\"target\":[\"https:\\\/\\\/www.metalfach.com.pl\\\/es\\\/acerca-de-la-compania\\\/historia\\\/\"]}]},{\"@type\":\"BreadcrumbList\",\"@id\":\"https:\\\/\\\/www.metalfach.com.pl\\\/es\\\/acerca-de-la-compania\\\/historia\\\/#breadcrumb\",\"itemListElement\":[{\"@type\":\"ListItem\",\"position\":1,\"name\":\"Casa\",\"item\":\"https:\\\/\\\/www.metalfach.com.pl\\\/es\\\/\"},{\"@type\":\"ListItem\",\"position\":2,\"name\":\"Historia\"}]},{\"@type\":\"WebSite\",\"@id\":\"https:\\\/\\\/www.metalfach.com.pl\\\/es\\\/#website\",\"url\":\"https:\\\/\\\/www.metalfach.com.pl\\\/es\\\/\",\"name\":\"Metal-Fach\",\"description\":\"Prasy zwijaj\u0105ce, owijarki bel, \u0142adowacze czo\u0142owe, wozy paszowe, rozrzutniki obornika, przyczepy rolnicze, agregaty uprawowe\",\"publisher\":{\"@id\":\"https:\\\/\\\/www.metalfach.com.pl\\\/es\\\/#organization\"},\"potentialAction\":[{\"@type\":\"SearchAction\",\"target\":{\"@type\":\"EntryPoint\",\"urlTemplate\":\"https:\\\/\\\/www.metalfach.com.pl\\\/es\\\/?s={search_term_string}\"},\"query-input\":{\"@type\":\"PropertyValueSpecification\",\"valueRequired\":true,\"valueName\":\"search_term_string\"}}],\"inLanguage\":\"es\"},{\"@type\":\"Organization\",\"@id\":\"https:\\\/\\\/www.metalfach.com.pl\\\/es\\\/#organization\",\"name\":\"Metal-Fach\",\"url\":\"https:\\\/\\\/www.metalfach.com.pl\\\/es\\\/\",\"logo\":{\"@type\":\"ImageObject\",\"inLanguage\":\"es\",\"@id\":\"https:\\\/\\\/www.metalfach.com.pl\\\/es\\\/#\\\/schema\\\/logo\\\/image\\\/\",\"url\":\"https:\\\/\\\/www.metalfach.com.pl\\\/wp-content\\\/uploads\\\/metalfach-logo-horizontal-r.svg\",\"contentUrl\":\"https:\\\/\\\/www.metalfach.com.pl\\\/wp-content\\\/uploads\\\/metalfach-logo-horizontal-r.svg\",\"width\":777,\"height\":207,\"caption\":\"Metal-Fach\"},\"image\":{\"@id\":\"https:\\\/\\\/www.metalfach.com.pl\\\/es\\\/#\\\/schema\\\/logo\\\/image\\\/\"},\"sameAs\":[\"http:\\\/\\\/www.facebook.pl\\\/MetalFachOfficial\",\"https:\\\/\\\/www.instagram.com\\\/metalfach_official\\\/\",\"https:\\\/\\\/www.linkedin.com\\\/company\\\/metal-fach\",\"https:\\\/\\\/www.youtube.com\\\/user\\\/metalfach1\",\"https:\\\/\\\/www.tiktok.com\\\/@metalfach_official\"]}]}<\/script>\n<!-- \/ Yoast SEO plugin. -->","yoast_head_json":{"title":"Historia - Metal-Fach","robots":{"index":"index","follow":"follow","max-snippet":"max-snippet:-1","max-image-preview":"max-image-preview:large","max-video-preview":"max-video-preview:-1"},"canonical":"https:\/\/www.metalfach.com.pl\/es\/acerca-de-la-compania\/historia\/","og_locale":"es_ES","og_type":"article","og_title":"Historia - Metal-Fach","og_description":"Descubra nuestra historia \u00a0 Fundaci\u00f3n de la empresa 1989 La planta fue fundada por Stanis\u0142aw Kucharewicz, padre del actual presidente y propietario de la empresa, Jacek Kucharewicz, que junto con su esposa Katarzyna dirige la empresa desde sus inicios. Inicio de las actividades 1989 &#8211; 1990 Empezar y dirigir un negocio en aquella \u00e9poca era [&hellip;]","og_url":"https:\/\/www.metalfach.com.pl\/es\/acerca-de-la-compania\/historia\/","og_site_name":"Metal-Fach","article_publisher":"http:\/\/www.facebook.pl\/MetalFachOfficial","article_modified_time":"2022-05-19T05:42:42+00:00","twitter_card":"summary_large_image","twitter_misc":{"Tiempo de lectura":"5 minutos"},"schema":{"@context":"https:\/\/schema.org","@graph":[{"@type":"WebPage","@id":"https:\/\/www.metalfach.com.pl\/es\/acerca-de-la-compania\/historia\/","url":"https:\/\/www.metalfach.com.pl\/es\/acerca-de-la-compania\/historia\/","name":"Historia - Metal-Fach","isPartOf":{"@id":"https:\/\/www.metalfach.com.pl\/es\/#website"},"datePublished":"2019-03-29T15:39:30+00:00","dateModified":"2022-05-19T05:42:42+00:00","breadcrumb":{"@id":"https:\/\/www.metalfach.com.pl\/es\/acerca-de-la-compania\/historia\/#breadcrumb"},"inLanguage":"es","potentialAction":[{"@type":"ReadAction","target":["https:\/\/www.metalfach.com.pl\/es\/acerca-de-la-compania\/historia\/"]}]},{"@type":"BreadcrumbList","@id":"https:\/\/www.metalfach.com.pl\/es\/acerca-de-la-compania\/historia\/#breadcrumb","itemListElement":[{"@type":"ListItem","position":1,"name":"Casa","item":"https:\/\/www.metalfach.com.pl\/es\/"},{"@type":"ListItem","position":2,"name":"Historia"}]},{"@type":"WebSite","@id":"https:\/\/www.metalfach.com.pl\/es\/#website","url":"https:\/\/www.metalfach.com.pl\/es\/","name":"Metal-Fach","description":"Prasy zwijaj\u0105ce, owijarki bel, \u0142adowacze czo\u0142owe, wozy paszowe, rozrzutniki obornika, przyczepy rolnicze, agregaty uprawowe","publisher":{"@id":"https:\/\/www.metalfach.com.pl\/es\/#organization"},"potentialAction":[{"@type":"SearchAction","target":{"@type":"EntryPoint","urlTemplate":"https:\/\/www.metalfach.com.pl\/es\/?s={search_term_string}"},"query-input":{"@type":"PropertyValueSpecification","valueRequired":true,"valueName":"search_term_string"}}],"inLanguage":"es"},{"@type":"Organization","@id":"https:\/\/www.metalfach.com.pl\/es\/#organization","name":"Metal-Fach","url":"https:\/\/www.metalfach.com.pl\/es\/","logo":{"@type":"ImageObject","inLanguage":"es","@id":"https:\/\/www.metalfach.com.pl\/es\/#\/schema\/logo\/image\/","url":"https:\/\/www.metalfach.com.pl\/wp-content\/uploads\/metalfach-logo-horizontal-r.svg","contentUrl":"https:\/\/www.metalfach.com.pl\/wp-content\/uploads\/metalfach-logo-horizontal-r.svg","width":777,"height":207,"caption":"Metal-Fach"},"image":{"@id":"https:\/\/www.metalfach.com.pl\/es\/#\/schema\/logo\/image\/"},"sameAs":["http:\/\/www.facebook.pl\/MetalFachOfficial","https:\/\/www.instagram.com\/metalfach_official\/","https:\/\/www.linkedin.com\/company\/metal-fach","https:\/\/www.youtube.com\/user\/metalfach1","https:\/\/www.tiktok.com\/@metalfach_official"]}]}},"_links":{"self":[{"href":"https:\/\/www.metalfach.com.pl\/es\/wp-json\/wp\/v2\/pages\/44098","targetHints":{"allow":["GET"]}}],"collection":[{"href":"https:\/\/www.metalfach.com.pl\/es\/wp-json\/wp\/v2\/pages"}],"about":[{"href":"https:\/\/www.metalfach.com.pl\/es\/wp-json\/wp\/v2\/types\/page"}],"author":[{"embeddable":true,"href":"https:\/\/www.metalfach.com.pl\/es\/wp-json\/wp\/v2\/users\/2"}],"replies":[{"embeddable":true,"href":"https:\/\/www.metalfach.com.pl\/es\/wp-json\/wp\/v2\/comments?post=44098"}],"version-history":[{"count":0,"href":"https:\/\/www.metalfach.com.pl\/es\/wp-json\/wp\/v2\/pages\/44098\/revisions"}],"up":[{"embeddable":true,"href":"https:\/\/www.metalfach.com.pl\/es\/wp-json\/wp\/v2\/pages\/53912"}],"wp:attachment":[{"href":"https:\/\/www.metalfach.com.pl\/es\/wp-json\/wp\/v2\/media?parent=44098"}],"curies":[{"name":"wp","href":"https:\/\/api.w.org\/{rel}","templated":true}]}}